{"id":3,"date":"2024-03-26T09:49:23","date_gmt":"2024-03-26T06:49:23","guid":{"rendered":"http:\/\/colyakvakfi.org\/?page_id=3"},"modified":"2024-04-08T10:52:25","modified_gmt":"2024-04-08T07:52:25","slug":"aydinlatma-metni","status":"publish","type":"page","link":"https:\/\/otoson.com.tr\/demo\/aydinlatma-metni\/","title":{"rendered":"AYDINLATMA METN\u0130"},"content":{"rendered":"\n<h2 class=\"wp-block-heading\">Veri Sorumlusu: \u00c7\u00f6lyak Vakf\u0131<\/h2>\n\n\n\n<ul class=\"wp-block-list\">\n<li><strong class=\"privacy-policy-tutorial\">Adres: <\/strong>Bat\u0131 Mahallesi, Hatboyu Caddesi, No.42\/97 Pendik\/\u0130stanbul<\/li>\n\n\n\n<li><strong>E-Posta:<\/strong> info@colyakvakfi.org<\/li>\n\n\n\n<li><strong>Websitesi:<\/strong> https:\/\/colyakvakfi.org<\/li>\n<\/ul>\n\n\n\n<p><strong>\u00c7\u00f6lyak Vakf\u0131 (\u201c\u00c7\u00d6V\u201d)<\/strong> olarak; 6698 say\u0131l\u0131 Ki\u015fisel Verilerin Korunmas\u0131 Kanunu <strong>(\u201cKVKK\u201d)<\/strong> ve ilgili mevzuat ile yasal d\u00fczenlemelerden kaynaklanan faaliyetleri \u00e7er\u00e7evesinde ki\u015fisel verilerin i\u015flenmesi, saklanmas\u0131 ve aktar\u0131lmas\u0131 ile ilgili veri sahiplerini ayd\u0131nlatmak amac\u0131yla i\u015fbu Ki\u015fisel Verilerin \u0130\u015flenmesine \u0130li\u015fkin Genel Ayd\u0131nlatma Metni\u2019ni haz\u0131rlad\u0131k.<\/p>\n\n\n\n<p>KVKK kapsam\u0131nda ki\u015fisel veri kimli\u011fi belirli veya belirlenebilir ger\u00e7ek ki\u015fiye ili\u015fkin her t\u00fcrl\u00fc bilgiyi (\u201cKi\u015fisel Veri\u201d) ve bunun bir \u00f6zel t\u00fcr\u00fc olan \u00d6zel Nitelikli Ki\u015fisel Veri ise, \u0131rk, etnik k\u00f6ken, siyasi d\u00fc\u015f\u00fcnce, felsefi inan\u00e7, din, mezhep veya di\u011fer inan\u00e7lar, k\u0131l\u0131k ve k\u0131yafet, dernek, vak\u0131f ya da sendika \u00fcyeli\u011fi, sa\u011fl\u0131k, cinsel hayat, ceza mahk\u00fbmiyeti ve g\u00fcvenlik tedbirleriyle ilgili verileri ile biyometrik ve genetik verileri (\u201c\u00d6zel Nitelikli Ki\u015fisel Veri\u201d) ifade eder. Bu kapsamda Ki\u015fisel Veri tan\u0131m\u0131 \u00d6zel Nitelikli Ki\u015fisel Verilerinizi de kapsamaktad\u0131r.<\/p>\n\n\n\n<h3 class=\"wp-block-heading\"><strong>Ki\u015fisel Verilerin Toplanma Y\u00f6ntemi ve \u0130\u015flemenin Hukuki Sebepleri<\/strong><\/h3>\n\n\n\n<p>Ki\u015fisel verileriniz, \u00c7\u00d6V nezdinde yap\u0131lan i\u015flemlerle ba\u011flant\u0131l\u0131 olarak vakf\u0131n faaliyetleri do\u011frultusunda <em>(a\u015fa\u011f\u0131da ayr\u0131nt\u0131l\u0131 \u015fekilde belirtilmi\u015ftir)<\/em> otomatik veya otomatik olmayan yollarla, s\u00f6zl\u00fc, yaz\u0131l\u0131 veya elektronik \u015fekilde ve a\u015fa\u011f\u0131da s\u0131ralanan yollar ve \u00fc\u00e7\u00fcnc\u00fc ki\u015filer vas\u0131tas\u0131yla toplanmaktad\u0131r;<\/p>\n\n\n\n<ul class=\"wp-block-list\">\n<li>Web sitesini ziyaretiniz, \u00fcyelik i\u015flemleri, kay\u0131t i\u015flemleri, ba\u011f\u0131\u015f i\u015flemleri, g\u00f6n\u00fcll\u00fcl\u00fck ba\u015fvuru ve se\u00e7im i\u015flemleri, bu i\u015flemler esnas\u0131nda doldurulan belgeler vas\u0131tas\u0131yla,<\/li>\n\n\n\n<li>G\u00f6n\u00fcll\u00fc\/Hasta\/Ba\u011f\u0131\u015f\u00e7\u0131 ba\u015fvuru, g\u00f6n\u00fcll\u00fcl\u00fck, se\u00e7me, y\u00fcr\u00fctme ve ba\u011f\u0131\u015f s\u00fcre\u00e7leri kapsam\u0131nda ve vakf\u0131n ama\u00e7lar\u0131 do\u011frultusunda taraf\u0131n\u0131zca \u00c7\u00d6V internet sitesi \u00fczerinden ve\/veya sosyal medya hesaplar\u0131 \u00fczerinden doldurulacak formlar, taahh\u00fctnameler, di\u011fer yaz\u0131\u015fmalar ve belgeler vas\u0131tas\u0131 ile,<\/li>\n\n\n\n<li>\u00c7\u00d6V\u2019\u00fcn kurum ve kurulu\u015flarda, etkinliklerde veya di\u011fer ortamlarda kurmu\u015f oldu\u011fu stantlarda doldurulan ba\u015fvuru formu, taahh\u00fctname,vakfa yap\u0131lan ba\u011f\u0131\u015flar dolay\u0131s\u0131yla doldurulan belgeler vas\u0131tas\u0131 ile,<\/li>\n\n\n\n<li>\u00c7\u00d6V\u2019\u00fcn ger\u00e7ekle\u015ftirdi\u011fi veya yer ald\u0131\u011f\u0131 faaliyetlerde yap\u0131lan \u00e7ekimler s\u0131ras\u0131nda dijital olarak kamera veya foto\u011fraf makinesi arac\u0131l\u0131\u011f\u0131yla, etkinlik noktalar\u0131nda yer alan kamera sistemleri vas\u0131tas\u0131yla,<\/li>\n\n\n\n<li>Sizin i\u00e7in referans olan \u00fc\u00e7\u00fcnc\u00fc ki\u015filer ve kurulan yerel ileti\u015fimler vas\u0131tas\u0131yla, <\/li>\n\n\n\n<li>Vakf\u0131n ba\u011f\u0131\u015f\u00e7\u0131lar\u0131na ili\u015fkin olarak hizmet ald\u0131\u011f\u0131 ve i\u015f ili\u015fkisi i\u00e7erisinde anla\u015fmal\u0131 oldu\u011fu \u00fc\u00e7\u00fcnc\u00fc ki\u015filer vas\u0131tas\u0131yla.<\/li>\n\n\n\n<li>Kurumsal g\u00f6n\u00fcll\u00fcl\u00fck, ba\u011f\u0131\u015f\u00e7\u0131l\u0131k kapsam\u0131nda kurum y\u00f6nlendirmesi vas\u0131tas\u0131yla.<\/li>\n<\/ul>\n\n\n\n<p><strong>Ki\u015fisel Verilerin i\u015flenmesine ili\u015fkin KVKK\u2019n\u0131n 5. ve 6. maddesinde belirtilen hukuki sebepler a\u015fa\u011f\u0131daki gibidir:<\/strong><\/p>\n\n\n\n<ul class=\"wp-block-list\">\n<li>A\u00e7\u0131k r\u0131zan\u0131z\u0131n bulunmas\u0131,<\/li>\n\n\n\n<li>Kanunlarda a\u00e7\u0131k\u00e7a \u00f6ng\u00f6r\u00fclmesi,<\/li>\n\n\n\n<li>Fiili imk\u00e2ns\u0131zl\u0131k nedeniyle r\u0131zas\u0131n\u0131 a\u00e7\u0131klayamayacak durumda bulunan veya r\u0131zas\u0131na hukuki ge\u00e7erlilik tan\u0131nmayan ki\u015finin kendisinin ya da bir ba\u015fkas\u0131n\u0131n hayat\u0131 veya beden b\u00fct\u00fcnl\u00fc\u011f\u00fcn\u00fcn korunmas\u0131 i\u00e7in zorunlu olmas\u0131,<\/li>\n\n\n\n<li>Bir s\u00f6zle\u015fmenin kurulmas\u0131 veya ifas\u0131yla ilgili olarak ki\u015fisel veri i\u015flenmesi,<\/li>\n\n\n\n<li>Hukuki y\u00fck\u00fcml\u00fcl\u00fcklerimizin yerine getirilebilmesi i\u00e7in zorunlu olmas\u0131,<\/li>\n\n\n\n<li>\u0130lgili ki\u015finin kendisi taraf\u0131ndan alenile\u015ftirilmi\u015f olmas\u0131,<\/li>\n\n\n\n<li>Bir hakk\u0131n tesisi, kullan\u0131lmas\u0131 veya korunmas\u0131 i\u00e7in veri i\u015flemenin zorunlu olmas\u0131 ve<\/li>\n\n\n\n<li>Sizlerin temel hak ve \u00f6zg\u00fcrl\u00fcklerine zarar vermemek kayd\u0131yla, me\u015fru menfaatlerimiz i\u00e7in zorunlu olmas\u0131.<\/li>\n<\/ul>\n\n\n\n<h3 class=\"wp-block-heading\"><strong>Toplanan Ki\u015fisel Verileriniz<\/strong> ve <strong>Ki\u015fisel Verilerin Hangi Ama\u00e7la \u0130\u015flenece\u011fi<\/strong><\/h3>\n\n\n\n<p>Ki\u015fisel Verileriniz, <\/p>\n\n\n\n<ul class=\"wp-block-list\">\n<li>Kanunda a\u00e7\u0131k\u00e7a \u00f6ng\u00f6r\u00fclmesi, <\/li>\n\n\n\n<li>Vak\u0131f b\u00fcnyesindeki faaliyetlerin y\u00fcr\u00fct\u00fclmesi, <\/li>\n\n\n\n<li>Sosyal Sorumluluk Projelerinin y\u00fcr\u00fct\u00fclmesi, <\/li>\n\n\n\n<li>Yetkili Ki\u015fi, Kurum ve Kurulu\u015flara Bilgi Verilmesi, <\/li>\n\n\n\n<li>Me\u015fru menfaatlerimiz i\u00e7in zorunlu olmas\u0131<\/li>\n<\/ul>\n\n\n\n<p>ama\u00e7lar\u0131 d\u00e2hilinde, a\u00e7\u0131k r\u0131zan\u0131za binaen veya KVKK kapsam\u0131nda hukuken izin verilen di\u011fer hallerde \u00c7\u00d6V taraf\u0131ndan i\u015flenmektedir.<\/p>\n\n\n\n<h4 class=\"wp-block-heading\">Ziyaret\u00e7i Verileri<\/h4>\n\n\n\n<figure class=\"wp-block-table\"><div class=\"pcrstb-wrap\"><table><tbody><tr><td><strong>\u0130\u015flenen Veriler<\/strong><\/td><td><strong>\u0130\u015flenme Ama\u00e7lar\u0131<\/strong><\/td><\/tr><tr><td><strong>Ki\u015fisel Veriler:<\/strong><br>Ad, Soyad, T.C. Kimlik No, Do\u011fum Tarihi, Cep Telefonu Numaras\u0131 ve ziyaret\u00e7inin payla\u015ft\u0131\u011f\u0131 di\u011fer ki\u015fisel veriler<\/td><td>\u0130leti\u015fim&nbsp; Faaliyetlerinin&nbsp; Y\u00fcr\u00fct\u00fclmesi,&nbsp;&nbsp;<br>\u0130\u015f&nbsp; S\u00fcre\u00e7lerinin&nbsp; \u0130yile\u015ftirilmesine Y\u00f6nelik&nbsp; \u00d6nerilerin&nbsp; Al\u0131nmas\u0131&nbsp; ve&nbsp; De\u011ferlendirilmesi,<br>Finans&nbsp; ve Muhasebe&nbsp; \u0130\u015flerinin&nbsp; Y\u00fcr\u00fct\u00fclmesi,&nbsp; E\u011fitim&nbsp; Faaliyetlerinin&nbsp; Y\u00fcr\u00fct\u00fclmesi,<br>Sosyal&nbsp; Sorumluluk&nbsp; ve&nbsp; Sivil&nbsp; Toplum&nbsp; Faaliyetlerinin&nbsp; Y\u00fcr\u00fct\u00fclmesi, S\u00f6zle\u015fme&nbsp; S\u00fcre\u00e7lerinin&nbsp; Y\u00fcr\u00fct\u00fclmesi,<br>Organizasyon&nbsp; ve&nbsp; Etkinlik Y\u00f6netimi,&nbsp; Bilgi&nbsp; G\u00fcvenli\u011fi&nbsp; S\u00fcre\u00e7lerinin&nbsp; Y\u00fcr\u00fct\u00fclmesi,<br>Faaliyetlerin Mevzuata Uygun Y\u00fcr\u00fct\u00fclmesi,<br>Yetkili Ki\u015fi, Kurum ve Kurulu\u015flara Bilgi Verilmesi,&nbsp;<br>Hukuk&nbsp; \u0130\u015flerinin&nbsp; Takibi&nbsp; ve&nbsp; Y\u00fcr\u00fct\u00fclmesi,&nbsp;<br>Saklama&nbsp; ve&nbsp; Ar\u015fiv Faaliyetlerinin Y\u00fcr\u00fct\u00fclmesi<\/td><\/tr><tr><td><strong>\u0130\u015flem G\u00fcvenli\u011fi Verileri:<\/strong><br>Port Bilgisi<br>IP Adresi Bilgileri<br>\u0130nternet Sitesi Giri\u015f \u00c7\u0131k\u0131\u015f Bilgileri<br>Cihaz MAC Adresi<\/td><td>Bilgi G\u00fcvenli\u011fi S\u00fcre\u00e7lerinin Y\u00fcr\u00fct\u00fclmesi<br>\u0130\u015f Faaliyetlerinin Y\u00fcr\u00fct\u00fclmesi ve Denetimi<br>Yetkili Ki\u015fi Kurum ve Kurulu\u015flara Bilgi Verilmesi<\/td><\/tr><tr><td><strong>G\u00f6rsel \u0130\u015fitsel Veriler:<\/strong><br>Foto\u011fraf<br>Video ve Ses Kayd\u0131<\/td><td>Sosyal Sorumluluk ve Sivil Toplum Faaliyetlerinin Y\u00fcr\u00fct\u00fclmesi<br>S\u00f6zle\u015fme s\u00fcre\u00e7lerinin y\u00fcr\u00fct\u00fclmesi<br>Saklama ve Ar\u015fiv Faaliyetlerinin Y\u00fcr\u00fct\u00fclmesi<\/td><\/tr><\/tbody><\/table><\/div><\/figure>\n\n\n\n<h4 class=\"wp-block-heading\">Hasta\/Faydalan\u0131c\u0131 Verileri<\/h4>\n\n\n\n<figure class=\"wp-block-table\"><div class=\"pcrstb-wrap\"><table><tbody><tr><td><strong>\u0130\u015flenen Veriler<\/strong><\/td><td><strong>\u0130\u015flenme Ama\u00e7lar\u0131<\/strong><\/td><\/tr><tr><td><strong>Ki\u015fisel Veriler:<\/strong><br>Ad<br>Soyad<br>T.C. Kimlik No<br>Do\u011fum Tarihi<br>\u0130mza<br>Foto\u011fraf<br>Adli Sicil Kayd\u0131<br>Cep Telefonu Numaras\u0131<br>Di\u011fer Telefon Numaras\u0131<br>\u0130\u015f Yeri \u0130smi- \u00dcnvan\u0131<br>Elektronik Posta Adresi<br>\u0130kametg\u00e2h-Posta Adresi<br>Ev Telefonu Numaras\u0131<br>&nbsp;\u0130\u015f Telefonu Numaras\u0131<br>Posta Kodu Bilgisi<br>Pozisyon Unvan Bilgileri<br>Referans Bilgileri<br>\u00d6zge\u00e7mi\u015f Bilgileri<br>Puantaj Bilgileri<br>Mesai Kay\u0131tlar\u0131<br>Devam \u00c7izelgeleri<br>\u00c7al\u0131\u015fma Durum Bilgisi<br>Sosyal G\u00fcvence Bilgisi<br>Bordro Bilgileri<br>Pozisyon-Unvan Bilgileri<br>\u00d6zge\u00e7mi\u015f Bilgileri<br>SGK Bilgileri<br>G\u00f6\u00e7 Bilgisi<br>Ba\u011fl\u0131 Olunan Sosyal G\u00fcvenlik Kurumu<\/td><td>\u0130leti\u015fim&nbsp; Faaliyetlerinin&nbsp; Y\u00fcr\u00fct\u00fclmesi,&nbsp;&nbsp;<br>\u0130\u015f&nbsp; S\u00fcre\u00e7lerinin&nbsp; \u0130yile\u015ftirilmesine Y\u00f6nelik&nbsp; \u00d6nerilerin&nbsp; Al\u0131nmas\u0131&nbsp; ve&nbsp; De\u011ferlendirilmesi,<br>Finans&nbsp; ve Muhasebe&nbsp; \u0130\u015flerinin&nbsp; Y\u00fcr\u00fct\u00fclmesi,&nbsp; E\u011fitim&nbsp; Faaliyetlerinin&nbsp; Y\u00fcr\u00fct\u00fclmesi,<br>Sosyal&nbsp; Sorumluluk&nbsp; ve&nbsp; Sivil&nbsp; Toplum&nbsp; Faaliyetlerinin&nbsp; Y\u00fcr\u00fct\u00fclmesi, S\u00f6zle\u015fme&nbsp; S\u00fcre\u00e7lerinin&nbsp; Y\u00fcr\u00fct\u00fclmesi,<br>Organizasyon&nbsp; ve&nbsp; Etkinlik Y\u00f6netimi,&nbsp; Bilgi&nbsp; G\u00fcvenli\u011fi&nbsp; S\u00fcre\u00e7lerinin&nbsp; Y\u00fcr\u00fct\u00fclmesi,<br>Faaliyetlerin Mevzuata Uygun Y\u00fcr\u00fct\u00fclmesi,<br>Yetkili Ki\u015fi, Kurum ve Kurulu\u015flara Bilgi Verilmesi,&nbsp;<br>Hukuk&nbsp; \u0130\u015flerinin&nbsp; Takibi&nbsp; ve&nbsp; Y\u00fcr\u00fct\u00fclmesi,&nbsp;<br>Saklama&nbsp; ve&nbsp; Ar\u015fiv Faaliyetlerinin Y\u00fcr\u00fct\u00fclmesi<\/td><\/tr><tr><td><strong>Finansal Veriler:<\/strong><br>Gelir Bilgileri<br>Malvarl\u0131\u011f\u0131 Bilgisi<br>Burs Bilgileri<br>Banka Hesap Bilgileri<br>Emekli Ayl\u0131\u011f\u0131 Bilgisi<br>Kira Kontrat Bilgisi<br>Ba\u011f\u0131\u015f Bilgileri<br>Yard\u0131m Bilgileri<br>Hesap D\u00f6k\u00fcmanlar\u0131<br>Bor\u00e7 Bilgileri<\/td><td>S\u00f6zle\u015fme S\u00fcre\u00e7lerinin Y\u00fcr\u00fct\u00fclmesi,&nbsp; ( Hukuki Sebep: Bir&nbsp; s\u00f6zle\u015fmenin&nbsp; kurulmas\u0131&nbsp; veya&nbsp; ifas\u0131yla&nbsp; do\u011frudan&nbsp; do\u011fruya&nbsp; ilgili&nbsp; olmas\u0131&nbsp; kayd\u0131yla, s\u00f6zle\u015fmenin taraflar\u0131na ait ki\u015fisel verilerin i\u015flenmesinin gerekli olmas\u0131, \u0130lgili&nbsp; ki\u015finin&nbsp; temel&nbsp; hak&nbsp; ve&nbsp; \u00f6zg\u00fcrl\u00fcklerine&nbsp; zarar&nbsp; vermemek&nbsp; kayd\u0131yla,&nbsp; veri&nbsp; sorumlusunun me\u015fru menfaatleri i\u00e7in veri i\u015flenmesinin zorunlu olmas\u0131)<br>Mal\/Hizmet Sat\u0131\u015f S\u00fcre\u00e7lerinin Y\u00fcr\u00fct\u00fclmesi, ( Hukuki Sebep: Bir&nbsp; s\u00f6zle\u015fmenin&nbsp; kurulmas\u0131&nbsp; veya&nbsp; ifas\u0131yla&nbsp; do\u011frudan&nbsp; do\u011fruya&nbsp; ilgili&nbsp; olmas\u0131&nbsp; kayd\u0131yla, s\u00f6zle\u015fmenin taraflar\u0131na ait ki\u015fisel verilerin i\u015flenmesinin gerekli olmas\u0131, \u0130lgili&nbsp; ki\u015finin&nbsp; temel&nbsp; hak&nbsp; ve&nbsp; \u00f6zg\u00fcrl\u00fcklerine&nbsp; zarar&nbsp; vermemek&nbsp; kayd\u0131yla,&nbsp; veri&nbsp; sorumlusunun me\u015fru menfaatleri i\u00e7in veri i\u015flenmesinin zorunlu olmas\u0131)<br>Denetim\/Etik Faaliyetlerinin Y\u00fcr\u00fct\u00fclmesi,&nbsp; ( Hukuki Sebep: Bir&nbsp; s\u00f6zle\u015fmenin&nbsp; kurulmas\u0131&nbsp; veya&nbsp; ifas\u0131yla&nbsp; do\u011frudan&nbsp; do\u011fruya&nbsp; ilgili&nbsp; olmas\u0131&nbsp; kayd\u0131yla, s\u00f6zle\u015fmenin taraflar\u0131na ait ki\u015fisel verilerin i\u015flenmesinin gerekli olmas\u0131, \u0130lgili&nbsp; ki\u015finin&nbsp; temel&nbsp; hak&nbsp; ve&nbsp; \u00f6zg\u00fcrl\u00fcklerine&nbsp; zarar&nbsp; vermemek&nbsp; kayd\u0131yla,&nbsp; veri&nbsp; sorumlusunun me\u015fru menfaatleri i\u00e7in veri i\u015flenmesinin zorunlu olmas\u0131)<br>Finans ve Muhasebe \u0130\u015flerinin Y\u00fcr\u00fct\u00fclmesi,( Hukuki Sebep: Bir&nbsp; s\u00f6zle\u015fmenin&nbsp; kurulmas\u0131&nbsp; veya&nbsp; ifas\u0131yla&nbsp; do\u011frudan&nbsp; do\u011fruya&nbsp; ilgili&nbsp; olmas\u0131&nbsp; kayd\u0131yla, s\u00f6zle\u015fmenin taraflar\u0131na ait ki\u015fisel verilerin i\u015flenmesinin gerekli olmas\u0131, \u0130lgili&nbsp; ki\u015finin&nbsp; temel&nbsp; hak&nbsp; ve&nbsp; \u00f6zg\u00fcrl\u00fcklerine&nbsp; zarar&nbsp; vermemek&nbsp; kayd\u0131yla,&nbsp; veri&nbsp; sorumlusunun me\u015fru menfaatleri i\u00e7in veri i\u015flenmesinin zorunlu olmas\u0131)<br>Yetkili Ki\u015fi, Kurum ve Kurulu\u015flara Bilgi Verilmesi( Hukuki Sebep: Bir&nbsp; s\u00f6zle\u015fmenin&nbsp; kurulmas\u0131&nbsp; veya&nbsp; ifas\u0131yla&nbsp; do\u011frudan&nbsp; do\u011fruya&nbsp; ilgili&nbsp; olmas\u0131&nbsp; kayd\u0131yla, s\u00f6zle\u015fmenin taraflar\u0131na ait ki\u015fisel verilerin i\u015flenmesinin gerekli olmas\u0131, \u0130lgili&nbsp; ki\u015finin&nbsp; temel&nbsp; hak&nbsp; ve&nbsp; \u00f6zg\u00fcrl\u00fcklerine&nbsp; zarar&nbsp; vermemek&nbsp; kayd\u0131yla,&nbsp; veri&nbsp; sorumlusunun me\u015fru menfaatleri i\u00e7in veri i\u015flenmesinin zorunlu olmas\u0131)<\/td><\/tr><tr><td><strong>Sa\u011fl\u0131k Verileri:<\/strong><br>\u00c7\u00f6lyak Raporu<br>Kan Grubu<br>Di\u011fer Hastal\u0131k Raporu<\/td><td>Sosyal Sorumluluk ve Sivil Tolum Faaliyetlerinin y\u00fcr\u00fct\u00fclmesi,(Hukuki Sebep: A\u00e7\u0131k R\u0131za)<br>Finans ve Muhasebe \u0130\u015flerinin Y\u00fcr\u00fct\u00fclmesi (Hukuki Sebep: A\u00e7\u0131k R\u0131za)<br>\u0130leti\u015fim Faaliyetlerinin y\u00fcr\u00fct\u00fclmesi (Hukuki Sebep: A\u00e7\u0131k R\u0131za)<br>\u0130\u015f Faaliyetlerinin Y\u00fcr\u00fct\u00fclmesi ve Denetimi (Hukuki Sebep: A\u00e7\u0131k R\u0131za)<br>&nbsp;<br>*<strong>Sa\u011fl\u0131k Bilgileriniz E-posta, Websitesi, elektronik form, bilgi sistemleri ve elektronik cihazlar ile bas\u0131l\u0131 formlar arac\u0131l\u0131\u011f\u0131 ile toplan\u0131r. <\/strong><\/td><\/tr><tr><td><strong>G\u00f6rsel ve \u0130\u015fitsel Veriler:<\/strong><br>Foto\u011fraf<br>Video ve Ses Kayd\u0131<\/td><td>Sosyal Sorumluluk ve Sivil Toplum Faaliyetlerinin Y\u00fcr\u00fct\u00fclmesi<br>S\u00f6zle\u015fme s\u00fcre\u00e7lerinin y\u00fcr\u00fct\u00fclmesi<br>Saklama ve Ar\u015fiv Faaliyetlerinin Y\u00fcr\u00fct\u00fclmesi<\/td><\/tr><\/tbody><\/table><\/div><\/figure>\n\n\n\n<h4 class=\"wp-block-heading\">G\u00f6n\u00fcll\u00fc Verileri<\/h4>\n\n\n\n<figure class=\"wp-block-table\"><div class=\"pcrstb-wrap\"><table><tbody><tr><td><strong>\u0130\u015flenen Veriler<\/strong><\/td><td><strong>\u0130\u015flenme Ama\u00e7lar\u0131<\/strong><\/td><\/tr><tr><td><strong>Ki\u015fisel Veriler:<\/strong><br>Ad<br>Soyad<br>T.C. Kimlik No<br>Do\u011fum Tarihi<br>\u0130mza<br>Foto\u011fraf<br>Adli Sicil Kayd\u0131<br>Cep Telefonu Numaras\u0131<br>Di\u011fer Telefon Numaras\u0131<br>\u0130\u015f Yeri \u0130smi- \u00dcnvan\u0131<br>Elektronik Posta Adresi<br>\u0130kametg\u00e2h-Posta Adresi<br>Ev Telefonu Numaras\u0131<br>\u0130\u015f Telefonu Numaras\u0131<br>Posta Kodu Bilgisi<br>Pozisyon Unvan Bilgileri<br>Referans Bilgileri<br>\u00d6zge\u00e7mi\u015f Bilgileri<\/td><td>Vak\u0131f b\u00fcnyesindeki faaliyetlerin y\u00fcr\u00fct\u00fclmesi, Sosyal Sorumluluk Projelerinin y\u00fcr\u00fct\u00fclmesi, Yetkili Ki\u015fi, Kurum ve Kurulu\u015flara Bilgi Verilmesi ,<br>Bu ba\u011flamda g\u00f6n\u00fcll\u00fc adaylar\u0131n\u0131n ba\u015fvurusu, se\u00e7me s\u00fcre\u00e7leri. ceza mahk\u00fbmiyeti ve g\u00fcvenlik tedbirleri bilgileri), (Hukuki sebep: A\u00e7\u0131k r\u0131za)<br>\u00c7\u00d6V g\u00f6n\u00fcll\u00fcleri arac\u0131l\u0131\u011f\u0131yla sunaca\u011f\u0131 hizmetlerin iyile\u015ftirilmesi, g\u00f6revlendirmelerin ihtiyac\u0131 kar\u015f\u0131layacak \u015fekilde yap\u0131labilmesi ve bu hususlar\u0131n Vak\u0131f taraf\u0131ndan de\u011ferlendirilebilmesi ad\u0131na g\u00f6n\u00fcll\u00fcler ve ihtiyaca ili\u015fkin tespit, analiz ve\/veya raporlama \u00e7al\u0131\u015fmalar\u0131n\u0131n y\u00fcr\u00fct\u00fclmesi, (kimlik, ileti\u015fim, mesleki deneyim bilgileri), (Hukuki sebep: Me\u015fru menfaatlerimiz i\u00e7in zorunlu olmas\u0131)<br>\u00e7evrimi\u00e7i, y\u00fcz y\u00fcze veya sair \u015fekillerde kat\u0131l\u0131m sa\u011flanacak olan etkinlik, proje, toplant\u0131 ve benzeri faaliyetlere ili\u015fkin olarak bilgilendirme, duyuru ve \u00e7a\u011fr\u0131lar\u0131n yap\u0131lmas\u0131, (kimlik, ileti\u015fim bilgileri), (Hukuki sebep: Me\u015fru menfaatlerimiz i\u00e7in zorunlu olmas\u0131)<br>\u00c7\u00d6V faaliyetleri s\u0131ras\u0131nda kaydedilen foto\u011fraf, video ve benzeri \u00e7\u0131kt\u0131lar\u0131n tan\u0131t\u0131m, duyuru ve benzeri ileti\u015fim ama\u00e7lar\u0131 ile kullan\u0131lmas\u0131, (kimlik, ileti\u015fim, g\u00f6rsel kay\u0131t bilgileri), (Hukuki sebep: A\u00e7\u0131k r\u0131za)<br>\u00c7\u00d6V g\u00f6n\u00fcll\u00fclerinin deneyimleri do\u011frultusunda g\u00f6n\u00fcll\u00fc r\u00f6portajlar\u0131, g\u00f6n\u00fcll\u00fc an\u0131 defteri ve benzeri yay\u0131nlar\u0131n haz\u0131rlanmas\u0131 ve yay\u0131mlanmas\u0131, (kimlik, mesleki deneyim, g\u00f6rsel kay\u0131t bilgileri), (Hukuki sebep: A\u00e7\u0131k r\u0131za)<br>web sitesi, \u00e7a\u011fr\u0131 merkezi, sosyal medya platformlar\u0131 ve benzeri kanallarla iletilmi\u015f olan g\u00f6n\u00fcll\u00fc ve\/veya g\u00f6n\u00fcll\u00fc aday\u0131 talep, \u00f6neri ve \u015fik\u00e2yetlerinin de\u011ferlendirilmesi ve takibinin sa\u011flanmas\u0131, (kimlik, ileti\u015fim, \u00f6neri\/talep\/\u015fik\u00e2yet, sosyal medya hesap bilgileri), (Hukuki sebep: Bir hakk\u0131n tesisi, kullan\u0131lmas\u0131 veya korunmas\u0131 i\u00e7in veri i\u015flemenin zorunlu olmas\u0131)<br>Sosyal Sorumluluk ve Sivil Toplum Aktivitelerinin Y\u00fcr\u00fct\u00fclmesi, (Hukuki Sebep: Bir s\u00f6zle\u015fmenin&nbsp; kurulmas\u0131&nbsp; veya&nbsp; ifas\u0131yla&nbsp; do\u011frudan&nbsp; do\u011fruya&nbsp; ilgili&nbsp; olmas\u0131&nbsp; kayd\u0131yla, s\u00f6zle\u015fmenin taraflar\u0131na ait ki\u015fisel verilerin i\u015flenmesinin gerekli olmas\u0131, \u0130lgili&nbsp; ki\u015finin&nbsp; temel&nbsp; hak&nbsp; ve&nbsp; \u00f6zg\u00fcrl\u00fcklerine&nbsp; zarar&nbsp; vermemek&nbsp; kayd\u0131yla,&nbsp; veri&nbsp; sorumlusunun me\u015fru menfaatleri i\u00e7in veri i\u015flenmesinin zorunlu olmas\u0131)<br>Finans ve Muhasebe \u0130\u015flerinin Y\u00fcr\u00fct\u00fclmesi,&nbsp; \u0130leti\u015fim&nbsp; Faaliyetlerinin Y\u00fcr\u00fct\u00fclmesi, ( &nbsp;Hukuki Sebep: Bir&nbsp; s\u00f6zle\u015fmenin&nbsp; kurulmas\u0131&nbsp; veya&nbsp; ifas\u0131yla&nbsp; do\u011frudan&nbsp; do\u011fruya&nbsp; ilgili&nbsp; olmas\u0131&nbsp; kayd\u0131yla, s\u00f6zle\u015fmenin taraflar\u0131na ait ki\u015fisel verilerin i\u015flenmesinin gerekli olmas\u0131, \u0130lgili&nbsp; ki\u015finin&nbsp; temel&nbsp; hak&nbsp; ve&nbsp; \u00f6zg\u00fcrl\u00fcklerine&nbsp; zarar&nbsp; vermemek&nbsp; kayd\u0131yla,&nbsp; veri&nbsp; sorumlusunun me\u015fru menfaatleri i\u00e7in veri i\u015flenmesinin zorunlu olmas\u0131)<br>\u0130\u015f Faaliyetlerinin Y\u00fcr\u00fct\u00fclmesi\/Denetimi ( Hukuki Sebep: Bir&nbsp; s\u00f6zle\u015fmenin&nbsp; kurulmas\u0131&nbsp; veya&nbsp; ifas\u0131yla&nbsp; do\u011frudan&nbsp; do\u011fruya&nbsp; ilgili&nbsp; olmas\u0131&nbsp; kayd\u0131yla, s\u00f6zle\u015fmenin taraflar\u0131na ait ki\u015fisel verilerin i\u015flenmesinin gerekli olmas\u0131, \u0130lgili&nbsp; ki\u015finin&nbsp; temel&nbsp; hak&nbsp; ve&nbsp; \u00f6zg\u00fcrl\u00fcklerine&nbsp; zarar&nbsp; vermemek&nbsp; kayd\u0131yla,&nbsp; veri&nbsp; sorumlusunun me\u015fru menfaatleri i\u00e7in veri i\u015flenmesinin zorunlu olmas\u0131)<\/td><\/tr><tr><td><strong>Finansal Bilgiler:<\/strong><br>Kredi Kart\u0131 Bilgileri<br>Banka Hesap Bilgileri<br>Ba\u011f\u0131\u015f Tutar Bilgileri<\/td><td>S\u00f6zle\u015fme S\u00fcre\u00e7lerinin Y\u00fcr\u00fct\u00fclmesi,&nbsp; ( Hukuki Sebep: Bir&nbsp; s\u00f6zle\u015fmenin&nbsp; kurulmas\u0131&nbsp; veya&nbsp; ifas\u0131yla&nbsp; do\u011frudan&nbsp; do\u011fruya&nbsp; ilgili&nbsp; olmas\u0131&nbsp; kayd\u0131yla, s\u00f6zle\u015fmenin taraflar\u0131na ait ki\u015fisel verilerin i\u015flenmesinin gerekli olmas\u0131, \u0130lgili&nbsp; ki\u015finin&nbsp; temel&nbsp; hak&nbsp; ve&nbsp; \u00f6zg\u00fcrl\u00fcklerine&nbsp; zarar&nbsp; vermemek&nbsp; kayd\u0131yla,&nbsp; veri&nbsp; sorumlusunun me\u015fru menfaatleri i\u00e7in veri i\u015flenmesinin zorunlu olmas\u0131)<br>Mal\/Hizmet Sat\u0131\u015f S\u00fcre\u00e7lerinin Y\u00fcr\u00fct\u00fclmesi, ( Hukuki Sebep: Bir&nbsp; s\u00f6zle\u015fmenin&nbsp; kurulmas\u0131&nbsp; veya&nbsp; ifas\u0131yla&nbsp; do\u011frudan&nbsp; do\u011fruya&nbsp; ilgili&nbsp; olmas\u0131&nbsp; kayd\u0131yla, s\u00f6zle\u015fmenin taraflar\u0131na ait ki\u015fisel verilerin i\u015flenmesinin gerekli olmas\u0131, \u0130lgili&nbsp; ki\u015finin&nbsp; temel&nbsp; hak&nbsp; ve&nbsp; \u00f6zg\u00fcrl\u00fcklerine&nbsp; zarar&nbsp; vermemek&nbsp; kayd\u0131yla,&nbsp; veri&nbsp; sorumlusunun me\u015fru menfaatleri i\u00e7in veri i\u015flenmesinin zorunlu olmas\u0131)<br>Denetim\/Etik Faaliyetlerinin Y\u00fcr\u00fct\u00fclmesi,&nbsp; ( Hukuki Sebep: Bir&nbsp; s\u00f6zle\u015fmenin&nbsp; kurulmas\u0131&nbsp; veya&nbsp; ifas\u0131yla&nbsp; do\u011frudan&nbsp; do\u011fruya&nbsp; ilgili&nbsp; olmas\u0131&nbsp; kayd\u0131yla, s\u00f6zle\u015fmenin taraflar\u0131na ait ki\u015fisel verilerin i\u015flenmesinin gerekli olmas\u0131, \u0130lgili&nbsp; ki\u015finin&nbsp; temel&nbsp; hak&nbsp; ve&nbsp; \u00f6zg\u00fcrl\u00fcklerine&nbsp; zarar&nbsp; vermemek&nbsp; kayd\u0131yla,&nbsp; veri&nbsp; sorumlusunun me\u015fru menfaatleri i\u00e7in veri i\u015flenmesinin zorunlu olmas\u0131)<br>Finans ve Muhasebe \u0130\u015flerinin Y\u00fcr\u00fct\u00fclmesi,( Hukuki Sebep: Bir&nbsp; s\u00f6zle\u015fmenin&nbsp; kurulmas\u0131&nbsp; veya&nbsp; ifas\u0131yla&nbsp; do\u011frudan&nbsp; do\u011fruya&nbsp; ilgili&nbsp; olmas\u0131&nbsp; kayd\u0131yla, s\u00f6zle\u015fmenin taraflar\u0131na ait ki\u015fisel verilerin i\u015flenmesinin gerekli olmas\u0131, \u0130lgili&nbsp; ki\u015finin&nbsp; temel&nbsp; hak&nbsp; ve&nbsp; \u00f6zg\u00fcrl\u00fcklerine&nbsp; zarar&nbsp; vermemek&nbsp; kayd\u0131yla,&nbsp; veri&nbsp; sorumlusunun me\u015fru menfaatleri i\u00e7in veri i\u015flenmesinin zorunlu olmas\u0131)<br>Yetkili Ki\u015fi, Kurum ve Kurulu\u015flara Bilgi Verilmesi( Hukuki Sebep: Bir&nbsp; s\u00f6zle\u015fmenin&nbsp; kurulmas\u0131&nbsp; veya&nbsp; ifas\u0131yla&nbsp; do\u011frudan&nbsp; do\u011fruya&nbsp; ilgili&nbsp; olmas\u0131&nbsp; kayd\u0131yla, s\u00f6zle\u015fmenin taraflar\u0131na ait ki\u015fisel verilerin i\u015flenmesinin gerekli olmas\u0131, \u0130lgili&nbsp; ki\u015finin&nbsp; temel&nbsp; hak&nbsp; ve&nbsp; \u00f6zg\u00fcrl\u00fcklerine&nbsp; zarar&nbsp; vermemek&nbsp; kayd\u0131yla,&nbsp; veri&nbsp; sorumlusunun me\u015fru menfaatleri i\u00e7in veri i\u015flenmesinin zorunlu olmas\u0131)<\/td><\/tr><tr><td><strong>Sa\u011fl\u0131k Verileri:<\/strong><br>\u00c7\u00f6lyak Raporu<br>Kan Grubu<br>Di\u011fer Hastal\u0131k Raporu<\/td><td>Sosyal Sorumluluk ve Sivil Tolum Faaliyetlerinin y\u00fcr\u00fct\u00fclmesi,(Hukuki Sebep: A\u00e7\u0131k R\u0131za)<br>Finans ve Muhasebe \u0130\u015flerinin Y\u00fcr\u00fct\u00fclmesi (Hukuki Sebep: A\u00e7\u0131k R\u0131za)<br>\u0130leti\u015fim Faaliyetlerinin y\u00fcr\u00fct\u00fclmesi (Hukuki Sebep: A\u00e7\u0131k R\u0131za)<br>\u0130\u015f Faaliyetlerinin Y\u00fcr\u00fct\u00fclmesi ve Denetimi (Hukuki Sebep: A\u00e7\u0131k R\u0131za)<br>&nbsp;<br>*<strong>Sa\u011fl\u0131k Bilgileriniz E-posta, Websitesi, elektronik form, bilgi sistemleri ve elektronik cihazlar ile bas\u0131l\u0131 formlar arac\u0131l\u0131\u011f\u0131 ile toplan\u0131r.<\/strong><\/td><\/tr><\/tbody><\/table><\/div><\/figure>\n\n\n\n<h4 class=\"wp-block-heading\">Ba\u011f\u0131\u015f\u00e7\u0131 Verileri<\/h4>\n\n\n\n<figure class=\"wp-block-table\"><div class=\"pcrstb-wrap\"><table><tbody><tr><td><strong>\u0130\u015flenen Veriler<\/strong><\/td><td><strong>\u0130\u015flenme Ama\u00e7lar\u0131<\/strong><\/td><\/tr><tr><td><strong>Ki\u015fisel Veriler:<\/strong><br>Ad<br>Soyad<br>T.C. Kimlik No<br>Do\u011fum Tarihi<br>\u0130mza<br>Foto\u011fraf<br>Cep Telefonu Numaras\u0131<br>Di\u011fer Telefon Numaras\u0131<br>\u0130\u015f Yeri \u0130smi- \u00dcnvan\u0131<br>Elektronik Posta Adresi<br>\u0130kametg\u00e2h-Posta Adresi<br>Ev Telefonu Numaras\u0131<br>&nbsp;\u0130\u015f Telefonu Numaras\u0131<br>Posta Kodu Bilgisi<br>Pozisyon Unvan Bilgileri<br>Ba\u011f\u0131\u015f\u00e7\u0131 i\u015flem<br>M\u00fc\u015fteri i\u015flem bilgileri<br>Mesleki deneyim,<br>Pazarlama,<br>\u00d6neri\/talep\/\u015fik\u00e2yet bilgiler<br>Sosyal Medya Hesap Bilgileri<br>Kredi Kart\u0131 Bilgileri (3.Taraf)<br>Banka Kart\u0131 Bilgileri (3.Taraf)<\/td><td>Vak\u0131f b\u00fcnyesindeki faaliyetlerin y\u00fcr\u00fct\u00fclmesi, Sosyal Sorumluluk Projelerinin y\u00fcr\u00fct\u00fclmesi, Yetkili Ki\u015fi, Kurum ve Kurulu\u015flara Bilgi Verilmesi ,(Hukuki Sebep:Bir s\u00f6zle\u015fmenin&nbsp; kurulmas\u0131&nbsp; veya&nbsp; ifas\u0131yla&nbsp; do\u011frudan&nbsp; do\u011fruya&nbsp; ilgili&nbsp; olmas\u0131&nbsp; kayd\u0131yla, s\u00f6zle\u015fmenin taraflar\u0131na ait ki\u015fisel verilerin i\u015flenmesinin gerekli olmas\u0131, \u0130lgili&nbsp; ki\u015finin&nbsp; temel&nbsp; hak&nbsp; ve&nbsp; \u00f6zg\u00fcrl\u00fcklerine&nbsp; zarar&nbsp; vermemek&nbsp; kayd\u0131yla,&nbsp; veri&nbsp; sorumlusunun me\u015fru menfaatleri i\u00e7in veri i\u015flenmesinin zorunlu olmas\u0131)<br>\u0130leti\u015fim&nbsp; Faaliyetlerinin&nbsp; Y\u00fcr\u00fct\u00fclmesi,&nbsp; \u0130\u015f&nbsp; Faaliyetlerinin Y\u00fcr\u00fct\u00fclmesi\/Denetimi,&nbsp; Sosyal&nbsp; Sorumluluk&nbsp; ve&nbsp; Sivil&nbsp; Toplum Aktivitelerinin&nbsp; Y\u00fcr\u00fct\u00fclmesi,&nbsp; Yetkili&nbsp; Yetkili&nbsp; Ki\u015fi,&nbsp; Kurum&nbsp; ve&nbsp; Kurulu\u015flara Bilgi Verilmesi ,(Hukuki Sebep:Bir s\u00f6zle\u015fmenin&nbsp; kurulmas\u0131&nbsp; veya&nbsp; ifas\u0131yla&nbsp; do\u011frudan&nbsp; do\u011fruya&nbsp; ilgili&nbsp; olmas\u0131&nbsp; kayd\u0131yla, s\u00f6zle\u015fmenin taraflar\u0131na ait ki\u015fisel verilerin i\u015flenmesinin gerekli olmas\u0131, \u0130lgili&nbsp; ki\u015finin&nbsp; temel&nbsp; hak&nbsp; ve&nbsp; \u00f6zg\u00fcrl\u00fcklerine&nbsp; zarar&nbsp; vermemek&nbsp; kayd\u0131yla,&nbsp; veri&nbsp; sorumlusunun me\u015fru menfaatleri i\u00e7in veri i\u015flenmesinin zorunlu olmas\u0131)<br>Yap\u0131lan ba\u011f\u0131\u015fa istinaden te\u015fekk\u00fcr sertifikas\u0131 g\u00f6nderilmesi (kimlik, ileti\u015fim, ba\u011f\u0131\u015f\u00e7\u0131 i\u015flem bilgileri), (Hukuki sebep: Me\u015fru menfaatlerimiz i\u00e7in zorunlu olmas\u0131)<br>Finans ve muhasebe i\u015flerinin y\u00fcr\u00fct\u00fclmesi ve bu do\u011frultuda vergisel ve di\u011fer kanuni y\u00fck\u00fcml\u00fcl\u00fcklerin (ba\u011f\u0131\u015f makbuzu, sat\u0131\u015f faturas\u0131 d\u00fczenlenmesi ve saklanmas\u0131 d\u00e2hil olmak \u00fczere) yerine getirilmes\u0130, (Hukuki sebep: Kanunlarda a\u00e7\u0131k\u00e7a \u00f6ng\u00f6r\u00fclmesi, s\u00f6zle\u015fmenin ifas\u0131, bir hakk\u0131n tesisi, kullan\u0131lmas\u0131 veya korunmas\u0131 i\u00e7in veri i\u015flemenin zorunlu olmas\u0131)<br>Ba\u011f\u0131\u015f te\u015fvik ve \u00fcr\u00fcn pazarlama \u00e7al\u0131\u015fmalar\u0131n\u0131n y\u00fcr\u00fct\u00fclmesi ve bu kapsamda elektronik yollarla veya telefon vas\u0131tas\u0131yla irtibat kurulmas\u0131 &nbsp;(Hukuki sebep: A\u00e7\u0131k r\u0131za)<br>Web sitesi, \u00e7a\u011fr\u0131 merkezi, sosyal medya platformlar\u0131 ve benzeri kanallarla iletilmi\u015f olan ba\u011f\u0131\u015f\u00e7\u0131\/m\u00fc\u015fteri talep, \u00f6neri ve \u015fik\u00e2yetlerinin de\u011ferlendirilmesi ve takibinin sa\u011flanmas\u0131 (Hukuki sebep: Bir hakk\u0131n tesisi, kullan\u0131lmas\u0131 veya korunmas\u0131 i\u00e7in veri i\u015flemenin zorunlu olmas\u0131)<br>Hukuki uyu\u015fmazl\u0131klar\u0131n takibi ve giderilmesi s\u00fcre\u00e7lerinin y\u00fcr\u00fct\u00fclmesi (Hukuki sebep: Bir hakk\u0131n tesisi, kullan\u0131lmas\u0131 veya korunmas\u0131 i\u00e7in veri i\u015flemenin zorunlu olmas\u0131, me\u015fru menfaatlerimiz i\u00e7in zorunlu olmas\u0131)<br>Yasal y\u00fck\u00fcml\u00fcl\u00fcklerin ve idari yetkili kurumlar\u0131n taleplerinin yerine getirilmesi ba\u011flam\u0131nda yetkili ki\u015fi, kurum ve kurulu\u015flara bilgi verilmesi( Hukuki sebep: Hukuki y\u00fck\u00fcml\u00fcl\u00fcklerimizin yerine getirilmesi)<br>Ayr\u0131ca, \u00f6deme i\u015flemlerinin tamamlanmas\u0131 amac\u0131yla ve \u00c7\u00d6V\u2019\u00fcn i\u015f orta\u011f\u0131 lisansl\u0131 \u015firketler taraf\u0131ndan kredi kart\u0131 ve banka kart\u0131 bilgileriniz (g\u00fcvenlik tedbirleri \u00e7er\u00e7evesinde) i\u015flenmektedir.<\/td><\/tr><tr><td><strong>Finansal Veriler:<\/strong><br><strong>\u0130\u015flenen Veriler<\/strong><br>Kredi Kart\u0131 Bilgileri<br>Banka Hesap Bilgileri<br>Ba\u011f\u0131\u015f Tutar Bilgileri<\/td><td>S\u00f6zle\u015fme S\u00fcre\u00e7lerinin Y\u00fcr\u00fct\u00fclmesi,&nbsp; ( Hukuki Sebep: Bir&nbsp; s\u00f6zle\u015fmenin&nbsp; kurulmas\u0131&nbsp; veya&nbsp; ifas\u0131yla&nbsp; do\u011frudan&nbsp; do\u011fruya&nbsp; ilgili&nbsp; olmas\u0131&nbsp; kayd\u0131yla, s\u00f6zle\u015fmenin taraflar\u0131na ait ki\u015fisel verilerin i\u015flenmesinin gerekli olmas\u0131, \u0130lgili&nbsp; ki\u015finin&nbsp; temel&nbsp; hak&nbsp; ve&nbsp; \u00f6zg\u00fcrl\u00fcklerine&nbsp; zarar&nbsp; vermemek&nbsp; kayd\u0131yla,&nbsp; veri&nbsp; sorumlusunun me\u015fru menfaatleri i\u00e7in veri i\u015flenmesinin zorunlu olmas\u0131)<br>Mal\/Hizmet Sat\u0131\u015f S\u00fcre\u00e7lerinin Y\u00fcr\u00fct\u00fclmesi, ( Hukuki Sebep: Bir&nbsp; s\u00f6zle\u015fmenin&nbsp; kurulmas\u0131&nbsp; veya&nbsp; ifas\u0131yla&nbsp; do\u011frudan&nbsp; do\u011fruya&nbsp; ilgili&nbsp; olmas\u0131&nbsp; kayd\u0131yla, s\u00f6zle\u015fmenin taraflar\u0131na ait ki\u015fisel verilerin i\u015flenmesinin gerekli olmas\u0131, \u0130lgili&nbsp; ki\u015finin&nbsp; temel&nbsp; hak&nbsp; ve&nbsp; \u00f6zg\u00fcrl\u00fcklerine&nbsp; zarar&nbsp; vermemek&nbsp; kayd\u0131yla,&nbsp; veri&nbsp; sorumlusunun me\u015fru menfaatleri i\u00e7in veri i\u015flenmesinin zorunlu olmas\u0131)<br>Denetim\/Etik Faaliyetlerinin Y\u00fcr\u00fct\u00fclmesi,&nbsp; ( Hukuki Sebep: Bir&nbsp; s\u00f6zle\u015fmenin&nbsp; kurulmas\u0131&nbsp; veya&nbsp; ifas\u0131yla&nbsp; do\u011frudan&nbsp; do\u011fruya&nbsp; ilgili&nbsp; olmas\u0131&nbsp; kayd\u0131yla, s\u00f6zle\u015fmenin taraflar\u0131na ait ki\u015fisel verilerin i\u015flenmesinin gerekli olmas\u0131, \u0130lgili&nbsp; ki\u015finin&nbsp; temel&nbsp; hak&nbsp; ve&nbsp; \u00f6zg\u00fcrl\u00fcklerine&nbsp; zarar&nbsp; vermemek&nbsp; kayd\u0131yla,&nbsp; veri&nbsp; sorumlusunun me\u015fru menfaatleri i\u00e7in veri i\u015flenmesinin zorunlu olmas\u0131)<br>Finans ve Muhasebe \u0130\u015flerinin Y\u00fcr\u00fct\u00fclmesi,( Hukuki Sebep: Bir&nbsp; s\u00f6zle\u015fmenin&nbsp; kurulmas\u0131&nbsp; veya&nbsp; ifas\u0131yla&nbsp; do\u011frudan&nbsp; do\u011fruya&nbsp; ilgili&nbsp; olmas\u0131&nbsp; kayd\u0131yla, s\u00f6zle\u015fmenin taraflar\u0131na ait ki\u015fisel verilerin i\u015flenmesinin gerekli olmas\u0131, \u0130lgili&nbsp; ki\u015finin&nbsp; temel&nbsp; hak&nbsp; ve&nbsp; \u00f6zg\u00fcrl\u00fcklerine&nbsp; zarar&nbsp; vermemek&nbsp; kayd\u0131yla,&nbsp; veri&nbsp; sorumlusunun me\u015fru menfaatleri i\u00e7in veri i\u015flenmesinin zorunlu olmas\u0131)<br>Yetkili Ki\u015fi, Kurum ve Kurulu\u015flara Bilgi Verilmesi( Hukuki Sebep: Bir&nbsp; s\u00f6zle\u015fmenin&nbsp; kurulmas\u0131&nbsp; veya&nbsp; ifas\u0131yla&nbsp; do\u011frudan&nbsp; do\u011fruya&nbsp; ilgili&nbsp; olmas\u0131&nbsp; kayd\u0131yla, s\u00f6zle\u015fmenin taraflar\u0131na ait ki\u015fisel verilerin i\u015flenmesinin gerekli olmas\u0131, \u0130lgili&nbsp; ki\u015finin&nbsp; temel&nbsp; hak&nbsp; ve&nbsp; \u00f6zg\u00fcrl\u00fcklerine&nbsp; zarar&nbsp; vermemek&nbsp; kayd\u0131yla,&nbsp; veri&nbsp; sorumlusunun me\u015fru menfaatleri i\u00e7in veri i\u015flenmesinin zorunlu olmas\u0131)<\/td><\/tr><tr><td><strong>Sa\u011fl\u0131k Verileri:<\/strong><br>\u00c7\u00f6lyak Raporu<br>Kan Grubu<br>Di\u011fer Hastal\u0131k Raporu<\/td><td>Sosyal Sorumluluk ve Sivil Tolum Faaliyetlerinin y\u00fcr\u00fct\u00fclmesi,(Hukuki Sebep: A\u00e7\u0131k R\u0131za)<br>Finans ve Muhasebe \u0130\u015flerinin Y\u00fcr\u00fct\u00fclmesi (Hukuki Sebep: A\u00e7\u0131k R\u0131za)<br>\u0130leti\u015fim Faaliyetlerinin y\u00fcr\u00fct\u00fclmesi (Hukuki Sebep: A\u00e7\u0131k R\u0131za)<br>\u0130\u015f Faaliyetlerinin Y\u00fcr\u00fct\u00fclmesi ve Denetimi (Hukuki Sebep: A\u00e7\u0131k R\u0131za)<br>&nbsp;<br>*<strong>Sa\u011fl\u0131k Bilgileriniz E-posta, Websitesi, elektronik form, bilgi sistemleri ve elektronik cihazlar ile bas\u0131l\u0131 formlar arac\u0131l\u0131\u011f\u0131 ile toplan\u0131r.<\/strong><\/td><\/tr><\/tbody><\/table><\/div><\/figure>\n\n\n\n<h3 class=\"wp-block-heading\"><strong>Ki\u015fisel Verilerin Kimlere ve Hangi Ama\u00e7la Aktar\u0131labilece\u011fi<\/strong><\/h3>\n\n\n\n<p>Ki\u015fisel verileriniz, hukuken izin verilen hallerde (ve yukar\u0131da belirtilen ama\u00e7lar \u00e7er\u00e7evesinde) yurt i\u00e7inde veya yurt d\u0131\u015f\u0131nda; i\u015f birli\u011fi yap\u0131lan ve\/veya hizmet al\u0131nan \u00e7a\u011fr\u0131 merkezi, hukuk, muhasebe, ileti\u015fim teknolojileri ve benzeri alanlarda destek al\u0131nan ki\u015filere, \u00c7\u00d6V sponsorlar\u0131na, sosyal medya \u015firketleri, prod\u00fcksiyon \u015firketleri, ajanslar, reklam \u015firketleri ve belirlenen ama\u00e7larla aktar\u0131m\u0131n gerekli oldu\u011fu di\u011fer \u00fc\u00e7\u00fcnc\u00fc ki\u015filer ile (SMS ve e-posta g\u00f6nderimi, bulut bili\u015fim, yedekleme, yaz\u0131l\u0131m, e\u011fitim platformu deste\u011fi veren firmalar ve benzeri, sivil toplum kurulu\u015flar\u0131, e\u011fitim kurumlar\u0131) ve hukuki uyu\u015fmazl\u0131klar\u0131n giderilmesi, mevzuattan kaynakl\u0131 y\u00fck\u00fcml\u00fcl\u00fcklerin yerine getirilmesi amac\u0131yla yetkili kurum ve kurulu\u015flara ve talep halinde adli makamlar veya ilgili kolluk kuvvetlerine aktarabilmektedir ve\/veya eri\u015fme a\u00e7abilmektedir.<\/p>\n\n\n\n<h3 class=\"wp-block-heading\"><strong>Ki\u015fisel Veri Sahibi Olarak KVKK Madde 11 Kapsam\u0131ndaki Haklar\u0131n\u0131z<\/strong> <\/h3>\n\n\n\n<p>Ki\u015fisel veri sahibi olarak diledi\u011finiz zaman KVKK\u2019n\u0131n 11. Maddesi uyar\u0131nca a\u015fa\u011f\u0131da belirtilen haklar\u0131n\u0131z\u0131 Veri Sorumlusu olan \u00c7\u00d6V\u2019den talep edebilirsiniz. Bu kapsamda sahip oldu\u011funuz haklar a\u015fa\u011f\u0131daki \u015fekildedir:<\/p>\n\n\n\n<ul class=\"wp-block-list\">\n<li>Ki\u015fisel verilerin i\u015flenip i\u015flenmedi\u011fini \u00f6\u011frenme,<\/li>\n\n\n\n<li>Ki\u015fisel veriler i\u015flenmi\u015fse buna ili\u015fkin bilgi talep etme,<\/li>\n\n\n\n<li>Ki\u015fisel verilerin i\u015flenme amac\u0131n\u0131 ve bunlar\u0131n amac\u0131na uygun kullan\u0131l\u0131p kullan\u0131lmad\u0131\u011f\u0131n\u0131 \u00f6\u011frenme,<\/li>\n\n\n\n<li>Yurt i\u00e7inde veya yurt d\u0131\u015f\u0131nda ki\u015fisel verilerin aktar\u0131ld\u0131\u011f\u0131 \u00fc\u00e7\u00fcnc\u00fc ki\u015fileri bilme,<\/li>\n\n\n\n<li>Ki\u015fisel verilerin eksik veya yanl\u0131\u015f i\u015flenmi\u015f olmas\u0131 h\u00e2linde bunlar\u0131n d\u00fczeltilmesini isteme ve bu \u00e7er\u00e7evede yap\u0131lan i\u015flemin ki\u015fisel verilerin aktar\u0131ld\u0131\u011f\u0131 \u00fc\u00e7\u00fcnc\u00fc ki\u015filere bildirilmesini talep etme,<\/li>\n\n\n\n<li>KVKK\u2019ya ve ilgili di\u011fer kanun h\u00fck\u00fcmlerine uygun olarak i\u015flenmi\u015f olmas\u0131na ra\u011fmen, i\u015flenmesini gerektiren sebeplerin ortadan kalkmas\u0131 h\u00e2linde Ki\u015fisel Verilerin Silinmesi, Yok Edilmesi veya Anonim Hale Getirilmesi Hakk\u0131nda Y\u00f6netmelik H\u00fck\u00fcmleri uyar\u0131nca bu verilerin 30 (otuz) g\u00fcn i\u00e7erisinde silinmesini, yok edilmesini veya anonim hale getirilmesini ve bu kapsamda yap\u0131lan i\u015flemin ki\u015fisel verilerin aktar\u0131ld\u0131\u011f\u0131 \u00fc\u00e7\u00fcnc\u00fc ki\u015filere bildirilmesini isteme,<\/li>\n\n\n\n<li>\u0130\u015flenen verilerin m\u00fcnhas\u0131ran otomatik sistemler vas\u0131tas\u0131yla analiz edilmesi suretiyle ki\u015finin kendisi aleyhine bir sonucun ortaya \u00e7\u0131kmas\u0131na itiraz etme,<\/li>\n\n\n\n<li>Ki\u015fisel verilerin kanuna ayk\u0131r\u0131 olarak i\u015flenmesi sebebiyle zarara u\u011franmas\u0131 h\u00e2linde zarar\u0131n giderilmesini talep etme.<\/li>\n<\/ul>\n\n\n\n<p>Yukar\u0131da belirtilen talepler yaz\u0131l\u0131 olarak veya Kurul taraf\u0131ndan belirlenecek di\u011fer y\u00f6ntemlerle veri sorumlusu olarak \u00c7\u00d6V\u2019e iletilecektir.<\/p>\n\n\n\n<p>Bu kapsamda, yukar\u0131daki haklar\u0131n\u0131za ili\u015fkin talebinizi a\u015fa\u011f\u0131da verilen ve zaman zaman de\u011fi\u015febilecek olan e-posta adresimize ya da taraf\u0131n\u0131zca \u00c7\u00d6V\u2019e daha \u00f6nce bildirilen ve \u00c7\u00d6V\u2019\u00fcn sisteminde kay\u0131tl\u0131 bulunan elektronik posta adresinizi kullanmak suretiyle (kimli\u011finizi tespit edici belgeleri ekleyerek) veya yine a\u015fa\u011f\u0131da yer alan ve zaman zaman de\u011fi\u015febilecek olan posta adresimize kimli\u011finizi tespit edici belgeler ile \u0131slak imzal\u0131 bir dilek\u00e7e ile elden teslim edebilir ya da noter arac\u0131l\u0131\u011f\u0131yla g\u00f6nderebilirsiniz.<\/p>\n\n\n\n<p>Ki\u015fisel veri sahibi olarak sahip oldu\u011funuz ve yukar\u0131da belirtilen haklar\u0131n\u0131z\u0131 kullanmak i\u00e7in yapaca\u011f\u0131n\u0131z ve kullanmay\u0131 talep etti\u011finiz hakka ili\u015fkin a\u00e7\u0131klamalar\u0131 i\u00e7eren ba\u015fvuruda; talep etti\u011finiz hususun a\u00e7\u0131k ve anla\u015f\u0131l\u0131r olmas\u0131, talep etti\u011finiz konunun \u015fahs\u0131n\u0131z ile ilgili olmas\u0131 veya ba\u015fkas\u0131 ad\u0131na hareket ediyorsan\u0131z bu konuda \u00f6zel olarak yetkili olman\u0131z ve bu yetkinin belgelendirilmesi, ba\u015fvurunun kimlik ve adres bilgilerinizi i\u00e7ermesi gerekmektedir.<\/p>\n\n\n\n<p>\u00c7\u00d6V ba\u015fvuruda yer alan talepleri, talebin niteli\u011fine g\u00f6re en k\u0131sa s\u00fcrede ve en ge\u00e7 otuz g\u00fcn i\u00e7inde (bir maliyeti olmamas\u0131 halinde) \u00fccretsiz olarak sonu\u00e7land\u0131r\u0131r. Ancak, i\u015flemin ayr\u0131ca bir maliyeti gerektirmesi h\u00e2linde, Ki\u015fisel Verileri Koruma Kurulu taraf\u0131ndan belirlenecek olan tarifedeki \u00fccret al\u0131nabilir.<\/p>\n\n\n\n<p><\/p>\n","protected":false},"excerpt":{"rendered":"<p>Veri Sorumlusu: \u00c7\u00f6lyak Vakf\u0131 \u00c7\u00f6lyak Vakf\u0131 (\u201c\u00c7\u00d6V\u201d) olarak; 6698 say\u0131l\u0131 Ki\u015fisel Verilerin Korunmas\u0131 Kanunu (\u201cKVKK\u201d) ve ilgili mevzuat ile yasal d\u00fczenlemelerden kaynaklanan faaliyetleri \u00e7er\u00e7evesinde ki\u015fisel verilerin i\u015flenmesi, saklanmas\u0131 ve aktar\u0131lmas\u0131&hellip;<\/p>\n","protected":false},"author":1,"featured_media":0,"parent":0,"menu_order":0,"comment_status":"closed","ping_status":"closed","template":"","meta":{"give_campaign_id":0,"_lmt_disableupdate":"","_lmt_disable":"","footnotes":"[]"},"class_list":["post-3","page","type-page","status-publish","hentry"],"yoast_head":"<!-- This site is optimized with the Yoast SEO plugin v24.9 - https:\/\/yoast.com\/wordpress\/plugins\/seo\/ -->\n<title>AYDINLATMA METN\u0130 - \u00c7\u00f6lyak Vakf\u0131<\/title>\n<meta name=\"description\" content=\"\u00c7\u00f6lyak Vakf\u0131&#039;n\u0131n KVKK&#039;ya ili\u015fkin yasal d\u00fczenlemeler \u00e7er\u00e7evesinde Ki\u015fisel Verilerin \u0130\u015flenmesine \u0130li\u015fkin Genel Ayd\u0131nlatma Metni\u2019dir.\" \/>\n<meta name=\"robots\" content=\"index, follow, max-snippet:-1, max-image-preview:large, max-video-preview:-1\" \/>\n<link rel=\"canonical\" href=\"https:\/\/otoson.com.tr\/demo\/aydinlatma-metni\/\" \/>\n<meta property=\"og:locale\" content=\"tr_TR\" \/>\n<meta property=\"og:type\" content=\"article\" \/>\n<meta property=\"og:title\" content=\"AYDINLATMA METN\u0130 - \u00c7\u00f6lyak Vakf\u0131\" \/>\n<meta property=\"og:description\" content=\"\u00c7\u00f6lyak Vakf\u0131&#039;n\u0131n KVKK&#039;ya ili\u015fkin yasal d\u00fczenlemeler \u00e7er\u00e7evesinde Ki\u015fisel Verilerin \u0130\u015flenmesine \u0130li\u015fkin Genel Ayd\u0131nlatma Metni\u2019dir.\" \/>\n<meta property=\"og:url\" content=\"https:\/\/otoson.com.tr\/demo\/aydinlatma-metni\/\" \/>\n<meta property=\"og:site_name\" content=\"\u00c7\u00f6lyak Vakf\u0131\" \/>\n<meta property=\"article:modified_time\" content=\"2024-04-08T07:52:25+00:00\" \/>\n<meta name=\"twitter:card\" content=\"summary_large_image\" \/>\n<meta name=\"twitter:site\" content=\"@colyakvakfi\" \/>\n<meta name=\"twitter:label1\" content=\"Tahmini okuma s\u00fcresi\" \/>\n\t<meta name=\"twitter:data1\" content=\"13 dakika\" \/>\n<script type=\"application\/ld+json\" class=\"yoast-schema-graph\">{\"@context\":\"https:\/\/schema.org\",\"@graph\":[{\"@type\":\"WebPage\",\"@id\":\"https:\/\/otoson.com.tr\/demo\/aydinlatma-metni\/\",\"url\":\"https:\/\/otoson.com.tr\/demo\/aydinlatma-metni\/\",\"name\":\"AYDINLATMA METN\u0130 - \u00c7\u00f6lyak Vakf\u0131\",\"isPartOf\":{\"@id\":\"https:\/\/otoson.com.tr\/demo\/#website\"},\"datePublished\":\"2024-03-26T06:49:23+00:00\",\"dateModified\":\"2024-04-08T07:52:25+00:00\",\"description\":\"\u00c7\u00f6lyak Vakf\u0131'n\u0131n KVKK'ya ili\u015fkin yasal d\u00fczenlemeler \u00e7er\u00e7evesinde Ki\u015fisel Verilerin \u0130\u015flenmesine \u0130li\u015fkin Genel Ayd\u0131nlatma Metni\u2019dir.\",\"breadcrumb\":{\"@id\":\"https:\/\/otoson.com.tr\/demo\/aydinlatma-metni\/#breadcrumb\"},\"inLanguage\":\"tr\",\"potentialAction\":[{\"@type\":\"ReadAction\",\"target\":[\"https:\/\/otoson.com.tr\/demo\/aydinlatma-metni\/\"]}]},{\"@type\":\"BreadcrumbList\",\"@id\":\"https:\/\/otoson.com.tr\/demo\/aydinlatma-metni\/#breadcrumb\",\"itemListElement\":[{\"@type\":\"ListItem\",\"position\":1,\"name\":\"Ana Sayfa\",\"item\":\"https:\/\/otoson.com.tr\/demo\/\"},{\"@type\":\"ListItem\",\"position\":2,\"name\":\"AYDINLATMA METN\u0130\"}]},{\"@type\":\"WebSite\",\"@id\":\"https:\/\/otoson.com.tr\/demo\/#website\",\"url\":\"https:\/\/otoson.com.tr\/demo\/\",\"name\":\"\u00c7\u00f6lyak Vakf\u0131\",\"description\":\"Her lokmada \u00f6zg\u00fcrl\u00fck, her ad\u0131mda dayan\u0131\u015fma\",\"publisher\":{\"@id\":\"https:\/\/otoson.com.tr\/demo\/#organization\"},\"potentialAction\":[{\"@type\":\"SearchAction\",\"target\":{\"@type\":\"EntryPoint\",\"urlTemplate\":\"https:\/\/otoson.com.tr\/demo\/?s={search_term_string}\"},\"query-input\":{\"@type\":\"PropertyValueSpecification\",\"valueRequired\":true,\"valueName\":\"search_term_string\"}}],\"inLanguage\":\"tr\"},{\"@type\":\"Organization\",\"@id\":\"https:\/\/otoson.com.tr\/demo\/#organization\",\"name\":\"\u00c7\u00f6lyak Vakf\u0131\",\"url\":\"https:\/\/otoson.com.tr\/demo\/\",\"logo\":{\"@type\":\"ImageObject\",\"inLanguage\":\"tr\",\"@id\":\"https:\/\/otoson.com.tr\/demo\/#\/schema\/logo\/image\/\",\"url\":\"https:\/\/colyakvakfi.org\/wp-content\/uploads\/2024\/03\/CVLogo.png\",\"contentUrl\":\"https:\/\/colyakvakfi.org\/wp-content\/uploads\/2024\/03\/CVLogo.png\",\"width\":250,\"height\":250,\"caption\":\"\u00c7\u00f6lyak Vakf\u0131\"},\"image\":{\"@id\":\"https:\/\/otoson.com.tr\/demo\/#\/schema\/logo\/image\/\"},\"sameAs\":[\"https:\/\/x.com\/colyakvakfi\",\"https:\/\/instagram.com\/colyakvakfi\"]}]}<\/script>\n<!-- \/ Yoast SEO plugin. -->","yoast_head_json":{"title":"AYDINLATMA METN\u0130 - \u00c7\u00f6lyak Vakf\u0131","description":"\u00c7\u00f6lyak Vakf\u0131'n\u0131n KVKK'ya ili\u015fkin yasal d\u00fczenlemeler \u00e7er\u00e7evesinde Ki\u015fisel Verilerin \u0130\u015flenmesine \u0130li\u015fkin Genel Ayd\u0131nlatma Metni\u2019dir.","robots":{"index":"index","follow":"follow","max-snippet":"max-snippet:-1","max-image-preview":"max-image-preview:large","max-video-preview":"max-video-preview:-1"},"canonical":"https:\/\/otoson.com.tr\/demo\/aydinlatma-metni\/","og_locale":"tr_TR","og_type":"article","og_title":"AYDINLATMA METN\u0130 - \u00c7\u00f6lyak Vakf\u0131","og_description":"\u00c7\u00f6lyak Vakf\u0131'n\u0131n KVKK'ya ili\u015fkin yasal d\u00fczenlemeler \u00e7er\u00e7evesinde Ki\u015fisel Verilerin \u0130\u015flenmesine \u0130li\u015fkin Genel Ayd\u0131nlatma Metni\u2019dir.","og_url":"https:\/\/otoson.com.tr\/demo\/aydinlatma-metni\/","og_site_name":"\u00c7\u00f6lyak Vakf\u0131","article_modified_time":"2024-04-08T07:52:25+00:00","twitter_card":"summary_large_image","twitter_site":"@colyakvakfi","twitter_misc":{"Tahmini okuma s\u00fcresi":"13 dakika"},"schema":{"@context":"https:\/\/schema.org","@graph":[{"@type":"WebPage","@id":"https:\/\/otoson.com.tr\/demo\/aydinlatma-metni\/","url":"https:\/\/otoson.com.tr\/demo\/aydinlatma-metni\/","name":"AYDINLATMA METN\u0130 - \u00c7\u00f6lyak Vakf\u0131","isPartOf":{"@id":"https:\/\/otoson.com.tr\/demo\/#website"},"datePublished":"2024-03-26T06:49:23+00:00","dateModified":"2024-04-08T07:52:25+00:00","description":"\u00c7\u00f6lyak Vakf\u0131'n\u0131n KVKK'ya ili\u015fkin yasal d\u00fczenlemeler \u00e7er\u00e7evesinde Ki\u015fisel Verilerin \u0130\u015flenmesine \u0130li\u015fkin Genel Ayd\u0131nlatma Metni\u2019dir.","breadcrumb":{"@id":"https:\/\/otoson.com.tr\/demo\/aydinlatma-metni\/#breadcrumb"},"inLanguage":"tr","potentialAction":[{"@type":"ReadAction","target":["https:\/\/otoson.com.tr\/demo\/aydinlatma-metni\/"]}]},{"@type":"BreadcrumbList","@id":"https:\/\/otoson.com.tr\/demo\/aydinlatma-metni\/#breadcrumb","itemListElement":[{"@type":"ListItem","position":1,"name":"Ana Sayfa","item":"https:\/\/otoson.com.tr\/demo\/"},{"@type":"ListItem","position":2,"name":"AYDINLATMA METN\u0130"}]},{"@type":"WebSite","@id":"https:\/\/otoson.com.tr\/demo\/#website","url":"https:\/\/otoson.com.tr\/demo\/","name":"\u00c7\u00f6lyak Vakf\u0131","description":"Her lokmada \u00f6zg\u00fcrl\u00fck, her ad\u0131mda dayan\u0131\u015fma","publisher":{"@id":"https:\/\/otoson.com.tr\/demo\/#organization"},"potentialAction":[{"@type":"SearchAction","target":{"@type":"EntryPoint","urlTemplate":"https:\/\/otoson.com.tr\/demo\/?s={search_term_string}"},"query-input":{"@type":"PropertyValueSpecification","valueRequired":true,"valueName":"search_term_string"}}],"inLanguage":"tr"},{"@type":"Organization","@id":"https:\/\/otoson.com.tr\/demo\/#organization","name":"\u00c7\u00f6lyak Vakf\u0131","url":"https:\/\/otoson.com.tr\/demo\/","logo":{"@type":"ImageObject","inLanguage":"tr","@id":"https:\/\/otoson.com.tr\/demo\/#\/schema\/logo\/image\/","url":"https:\/\/colyakvakfi.org\/wp-content\/uploads\/2024\/03\/CVLogo.png","contentUrl":"https:\/\/colyakvakfi.org\/wp-content\/uploads\/2024\/03\/CVLogo.png","width":250,"height":250,"caption":"\u00c7\u00f6lyak Vakf\u0131"},"image":{"@id":"https:\/\/otoson.com.tr\/demo\/#\/schema\/logo\/image\/"},"sameAs":["https:\/\/x.com\/colyakvakfi","https:\/\/instagram.com\/colyakvakfi"]}]}},"campaignId":"","_links":{"self":[{"href":"https:\/\/otoson.com.tr\/demo\/wp-json\/wp\/v2\/pages\/3","targetHints":{"allow":["GET"]}}],"collection":[{"href":"https:\/\/otoson.com.tr\/demo\/wp-json\/wp\/v2\/pages"}],"about":[{"href":"https:\/\/otoson.com.tr\/demo\/wp-json\/wp\/v2\/types\/page"}],"author":[{"embeddable":true,"href":"https:\/\/otoson.com.tr\/demo\/wp-json\/wp\/v2\/users\/1"}],"replies":[{"embeddable":true,"href":"https:\/\/otoson.com.tr\/demo\/wp-json\/wp\/v2\/comments?post=3"}],"version-history":[{"count":8,"href":"https:\/\/otoson.com.tr\/demo\/wp-json\/wp\/v2\/pages\/3\/revisions"}],"predecessor-version":[{"id":977,"href":"https:\/\/otoson.com.tr\/demo\/wp-json\/wp\/v2\/pages\/3\/revisions\/977"}],"wp:attachment":[{"href":"https:\/\/otoson.com.tr\/demo\/wp-json\/wp\/v2\/media?parent=3"}],"curies":[{"name":"wp","href":"https:\/\/api.w.org\/{rel}","templated":true}]}}